{"id":14,"date":"2021-06-09T07:55:40","date_gmt":"2021-06-09T05:55:40","guid":{"rendered":"http:\/\/erinnerungsraeume-hersbruck.de\/kz\/?page_id=14"},"modified":"2022-05-10T09:53:15","modified_gmt":"2022-05-10T07:53:15","slug":"startseite","status":"publish","type":"page","link":"https:\/\/erinnerungsraeume-hersbruck.de\/kz\/","title":{"rendered":"Startseite"},"content":{"rendered":"<p>[et_pb_section fb_built=&#8220;1&#8243; _builder_version=&#8220;4.16&#8243; _module_preset=&#8220;default&#8220; background_enable_color=&#8220;off&#8220; background_image=&#8220;https:\/\/erinnerungsraeume-hersbruck.de\/kz\/wp-content\/uploads\/2021\/06\/sternback3b.png&#8220; background_position=&#8220;top_right&#8220; width=&#8220;100%&#8220; height=&#8220;100%&#8220; custom_margin=&#8220;0px||0px||false|false&#8220; custom_padding=&#8220;0px||0px||false|false&#8220; global_colors_info=&#8220;{}&#8220;][et_pb_row column_structure=&#8220;2_5,3_5&#8243; use_custom_gutter=&#8220;on&#8220; gutter_width=&#8220;2&#8243; custom_padding_last_edited=&#8220;on|phone&#8220; _builder_version=&#8220;4.16&#8243; _module_preset=&#8220;default&#8220; background_color=&#8220;RGBA(0,0,0,0)&#8220; width=&#8220;100%&#8220; max_width=&#8220;100%&#8220; custom_margin=&#8220;0px||||false|false&#8220; custom_padding=&#8220;100px||||false|false&#8220; custom_padding_tablet=&#8220;&#8220; custom_padding_phone=&#8220;0px||||false|false&#8220; global_colors_info=&#8220;{}&#8220;][et_pb_column type=&#8220;2_5&#8243; _builder_version=&#8220;4.16&#8243; _module_preset=&#8220;default&#8220; global_colors_info=&#8220;{}&#8220;][et_pb_image src=&#8220;https:\/\/erinnerungsraeume-hersbruck.de\/kz\/wp-content\/uploads\/2021\/06\/Bocchetta_Statue_web4.png&#8220; title_text=&#8220;Bocchetta_Statue_web4&#8243; _builder_version=&#8220;4.16&#8243; _module_preset=&#8220;default&#8220; module_alignment=&#8220;left&#8220; custom_margin=&#8220;||0px||false|false&#8220; custom_padding=&#8220;||0px||false|false&#8220; global_colors_info=&#8220;{}&#8220;][\/et_pb_image][et_pb_image src=&#8220;https:\/\/erinnerungsraeume-hersbruck.de\/kz\/wp-content\/uploads\/2021\/06\/Bocchetta_Statue_web4_gespiegelt_transparent.png&#8220; title_text=&#8220;Bocchetta_Statue_web4_gespiegelt_transparent&#8220; _builder_version=&#8220;4.16&#8243; _module_preset=&#8220;default&#8220; module_alignment=&#8220;left&#8220; custom_margin=&#8220;0px||||false|false&#8220; custom_padding=&#8220;0px||||false|false&#8220; global_colors_info=&#8220;{}&#8220;][\/et_pb_image][\/et_pb_column][et_pb_column type=&#8220;3_5&#8243; _builder_version=&#8220;4.16&#8243; _module_preset=&#8220;default&#8220; background_enable_image=&#8220;off&#8220; global_colors_info=&#8220;{}&#8220;][et_pb_text _builder_version=&#8220;4.16&#8243; text_font=&#8220;Cabin||||||||&#8220; text_text_color=&#8220;rgba(85,101,112,0.8)&#8220; text_font_size=&#8220;16px&#8220; text_line_height=&#8220;1.8em&#8220; header_font=&#8220;|700|||||||&#8220; header_text_color=&#8220;#000000&#8243; header_font_size=&#8220;10vw&#8220; header_2_font=&#8220;|700|||||||&#8220; header_2_text_color=&#8220;#000000&#8243; header_2_font_size=&#8220;80px&#8220; header_3_font=&#8220;|700||on|||||&#8220; header_3_text_color=&#8220;#9ca000&#8243; header_3_font_size=&#8220;13px&#8220; header_3_letter_spacing=&#8220;3px&#8220; header_3_line_height=&#8220;1.4em&#8220; max_width=&#8220;36vw&#8220; max_width_tablet=&#8220;90%&#8220; max_width_phone=&#8220;100%&#8220; max_width_last_edited=&#8220;on|tablet&#8220; custom_margin=&#8220;||2vw||false|false&#8220; custom_margin_tablet=&#8220;&#8220; custom_margin_phone=&#8220;&#8220; custom_margin_last_edited=&#8220;on|phone&#8220; custom_padding=&#8220;||||false|false&#8220; custom_padding_tablet=&#8220;&#8220; custom_padding_phone=&#8220;|||20px|false|false&#8220; custom_padding_last_edited=&#8220;on|desktop&#8220; locked=&#8220;off&#8220; global_colors_info=&#8220;{}&#8220;]<\/p>\n<h3>Auslobung Hersbruck 2021\/22<\/h3>\n<p>[\/et_pb_text][et_pb_image src=&#8220;https:\/\/erinnerungsraeume-hersbruck.de\/kz\/wp-content\/uploads\/2021\/06\/Kunstwettbewerb.svg&#8220; title_text=&#8220;Kunstwettbewerb&#8220; _builder_version=&#8220;4.16&#8243; _module_preset=&#8220;default&#8220; width=&#8220;60%&#8220; custom_margin=&#8220;|||-10px|false|false&#8220; custom_margin_tablet=&#8220;&#8220; custom_margin_phone=&#8220;|||15px|false|false&#8220; custom_margin_last_edited=&#8220;on|phone&#8220; global_colors_info=&#8220;{}&#8220;][\/et_pb_image][et_pb_text _builder_version=&#8220;4.17.3&#8243; text_font=&#8220;||||||||&#8220; text_text_color=&#8220;#000000&#8243; text_font_size=&#8220;18px&#8220; text_line_height=&#8220;1.6em&#8220; header_font=&#8220;Playfair Display|700|||||||&#8220; header_text_color=&#8220;#002d4c&#8220; header_font_size=&#8220;10vw&#8220; header_3_font=&#8220;Cabin|700||on|||||&#8220; header_3_text_color=&#8220;#bd8f52&#8243; header_3_font_size=&#8220;13px&#8220; header_3_letter_spacing=&#8220;3px&#8220; header_3_line_height=&#8220;1.4em&#8220; max_width=&#8220;55vw&#8220; max_width_tablet=&#8220;90%&#8220; max_width_phone=&#8220;95%&#8220; max_width_last_edited=&#8220;on|tablet&#8220; custom_padding=&#8220;|||20px|false|false&#8220; hover_enabled=&#8220;0&#8243; text_font_size_tablet=&#8220;15px&#8220; text_font_size_phone=&#8220;16px&#8220; text_font_size_last_edited=&#8220;on|phone&#8220; locked=&#8220;off&#8220; global_colors_info=&#8220;{}&#8220; custom_padding__hover_enabled=&#8220;on|desktop&#8220; sticky_enabled=&#8220;0&#8243; custom_padding__hover=&#8220;|||20px|false|false&#8220;]<\/p>\n<p>\u201cOrte des Leidens und der Verbrechen \u2013 Verpflichtung zur Menschlichkeit\u201d<\/p>\n<p>Der Verein <strong>Dokumentationsst\u00e4tte KZ-Hersbruck <\/strong>schreibt 2021 mit den <strong>Projektpartnern Stadt Hersbruck <\/strong><strong>und Landkreis N\u00fcrnberger Land <\/strong>den <strong>regional ausgerichteten \u00bbKunstwettbewerb ErinnerungsR\u00c4UME\u00ab zur Gestaltung einer k\u00fcnstlerischen Arbeit <\/strong>aus.<\/p>\n<p>Mit diesem Wettbewerb soll an f\u00fcnf verschiedene Orte des Leidens und Verbrechens in Hersbruck und Umgebung (siehe Karte) die durch den Nationalsozialismus verursacht wurden, erinnert werden. Der ErinnerungsRAUM soll eine Br\u00fccke zur Bev\u00f6lkerung in der Region und den heutigen\u00a0 gesellschaftlichen Aufgaben bilden.<\/p>\n<p>Die Ausschreibung des Wettbewerbs richtet sich an regionale Kunst- und Kulturschaffende (Einzelpersonen\/Gruppen) sowie an Schul- und Akademieklassen, Vereine und Initiativen, die sich zeitgem\u00e4\u00df\u00a0 mit dem Thema \u00bbErinnerungskultur\u00ab auseinander setzten\u00a0 m\u00f6chten. Es d\u00fcrfen Ideen f\u00fcr tempor\u00e4re sowie nachhaltige\u00a0 und bleibende Kunstwerke eingereicht werden. Die Zusammenarbeit und der Austausch mit B\u00fcrgern, Historikern, Zeitzeugen und anderen\u00a0 Organisationen\u00a0 vor Ort ist erw\u00fcnscht.<\/p>\n<p>Es werden Bewerbungen unterschiedlicher Kunstgattungen und Genres (Bildende Kunst, Musik, Literatur, Film, Tanz, Theater, Performance, digitale Kunstformen etc.) zugelassen.<\/p>\n<p>[\/et_pb_text][et_pb_button button_url=&#8220;https:\/\/www.kz-hersbruck-info.de\/kunstwettbewerb-erinnerungsraeume\/&#8220; button_text=&#8220;Weitere Informationen \u00fcber den Wettbewerb und zu den Bewerbungsunterlagen&#8220; button_alignment_tablet=&#8220;&#8220; button_alignment_phone=&#8220;center&#8220; button_alignment_last_edited=&#8220;on|phone&#8220; _builder_version=&#8220;4.17.3&#8243; _module_preset=&#8220;default&#8220; custom_button=&#8220;on&#8220; button_text_size=&#8220;18px&#8220; button_text_color=&#8220;#FFFFFF&#8220; button_bg_color=&#8220;#CACE00&#8243; button_border_radius=&#8220;0px&#8220; button_icon=&#8220;&#x45;||divi||400&#8243; custom_margin_tablet=&#8220;&#8220; custom_margin_phone=&#8220;|20px||20px|false|false&#8220; custom_margin_last_edited=&#8220;on|phone&#8220; custom_padding_tablet=&#8220;&#8220; custom_padding_phone=&#8220;||||false|false&#8220; custom_padding_last_edited=&#8220;on|phone&#8220; hover_enabled=&#8220;0&#8243; button_text_size_tablet=&#8220;&#8220; button_text_size_phone=&#8220;18px&#8220; button_text_size_last_edited=&#8220;on|phone&#8220; global_colors_info=&#8220;{}&#8220; button_text_color__hover_enabled=&#8220;on|desktop&#8220; button_text_color__hover=&#8220;#000000&#8243; sticky_enabled=&#8220;0&#8243;][\/et_pb_button][\/et_pb_column][\/et_pb_row][\/et_pb_section]<\/p>\n","protected":false},"excerpt":{"rendered":"<p>Auslobung Hersbruck 2021\/22\u201cOrte des Leidens und der Verbrechen \u2013 Verpflichtung zur Menschlichkeit\u201d Der Verein Dokumentationsst\u00e4tte KZ-Hersbruck schreibt 2021 mit den Projektpartnern Stadt Hersbruck und Landkreis N\u00fcrnberger Land den regional ausgerichteten \u00bbKunstwettbewerb ErinnerungsR\u00c4UME\u00ab zur Gestaltung einer k\u00fcnstlerischen Arbeit aus. Mit diesem Wettbewerb soll an f\u00fcnf verschiedene Orte des Leidens und Verbrechens in Hersbruck und Umgebung (siehe [&hellip;]<\/p>\n","protected":false},"author":1,"featured_media":0,"parent":0,"menu_order":0,"comment_status":"closed","ping_status":"closed","template":"","meta":{"_et_pb_use_builder":"on","_et_pb_old_content":"","_et_gb_content_width":"","footnotes":""},"class_list":["post-14","page","type-page","status-publish","hentry"],"_links":{"self":[{"href":"https:\/\/erinnerungsraeume-hersbruck.de\/kz\/wp-json\/wp\/v2\/pages\/14","targetHints":{"allow":["GET"]}}],"collection":[{"href":"https:\/\/erinnerungsraeume-hersbruck.de\/kz\/wp-json\/wp\/v2\/pages"}],"about":[{"href":"https:\/\/erinnerungsraeume-hersbruck.de\/kz\/wp-json\/wp\/v2\/types\/page"}],"author":[{"embeddable":true,"href":"https:\/\/erinnerungsraeume-hersbruck.de\/kz\/wp-json\/wp\/v2\/users\/1"}],"replies":[{"embeddable":true,"href":"https:\/\/erinnerungsraeume-hersbruck.de\/kz\/wp-json\/wp\/v2\/comments?post=14"}],"version-history":[{"count":50,"href":"https:\/\/erinnerungsraeume-hersbruck.de\/kz\/wp-json\/wp\/v2\/pages\/14\/revisions"}],"predecessor-version":[{"id":175,"href":"https:\/\/erinnerungsraeume-hersbruck.de\/kz\/wp-json\/wp\/v2\/pages\/14\/revisions\/175"}],"wp:attachment":[{"href":"https:\/\/erinnerungsraeume-hersbruck.de\/kz\/wp-json\/wp\/v2\/media?parent=14"}],"curies":[{"name":"wp","href":"https:\/\/api.w.org\/{rel}","templated":true}]}}